{"id":239,"date":"2025-02-01T16:34:30","date_gmt":"2025-02-01T16:34:30","guid":{"rendered":"https:\/\/rita-pereira.com\/about\/"},"modified":"2026-01-12T16:19:46","modified_gmt":"2026-01-12T16:19:46","slug":"sobre-mim","status":"publish","type":"page","link":"https:\/\/rita-pereira.com\/en\/sobre-mim\/","title":{"rendered":"About"},"content":{"rendered":"<div data-elementor-type=\"wp-page\" data-elementor-id=\"239\" class=\"elementor elementor-239\">\n\t\t\t\t<div class=\"elementor-element elementor-element-8fd5308 e-flex e-con-boxed e-con e-parent\" data-id=\"8fd5308\" data-element_type=\"container\" data-settings=\"{&quot;background_background&quot;:&quot;classic&quot;}\">\n\t\t\t\t\t<div class=\"e-con-inner\">\n\t\t<div class=\"elementor-element elementor-element-17ced38 e-con-full e-flex e-con e-child\" data-id=\"17ced38\" data-element_type=\"container\">\n\t\t\t\t<div class=\"elementor-element elementor-element-2b7c4ba elementor-widget elementor-widget-heading\" data-id=\"2b7c4ba\" data-element_type=\"widget\" data-widget_type=\"heading.default\">\n\t\t\t\t<div class=\"elementor-widget-container\">\n\t\t\t\t\t<h1 class=\"elementor-heading-title elementor-size-default\">Who am I?<\/h1>\t\t\t\t<\/div>\n\t\t\t\t<\/div>\n\t\t\t\t<\/div>\n\t\t\t\t\t<\/div>\n\t\t\t\t<\/div>\n\t\t<div class=\"elementor-element elementor-element-5bfad38 e-flex e-con-boxed e-con e-parent\" data-id=\"5bfad38\" data-element_type=\"container\" data-settings=\"{&quot;background_background&quot;:&quot;classic&quot;}\">\n\t\t\t\t\t<div class=\"e-con-inner\">\n\t\t<div class=\"elementor-element elementor-element-14e73f9 e-con-full e-flex e-con e-child\" data-id=\"14e73f9\" data-element_type=\"container\" data-settings=\"{&quot;background_background&quot;:&quot;classic&quot;}\">\n\t\t\t\t<div class=\"elementor-element elementor-element-c7f2b49 elementor-arrows-position-inside elementor-pagination-position-outside elementor-widget elementor-widget-image-carousel\" data-id=\"c7f2b49\" data-element_type=\"widget\" data-settings=\"{&quot;slides_to_show&quot;:&quot;1&quot;,&quot;navigation&quot;:&quot;both&quot;,&quot;autoplay&quot;:&quot;yes&quot;,&quot;pause_on_hover&quot;:&quot;yes&quot;,&quot;pause_on_interaction&quot;:&quot;yes&quot;,&quot;autoplay_speed&quot;:5000,&quot;infinite&quot;:&quot;yes&quot;,&quot;effect&quot;:&quot;slide&quot;,&quot;speed&quot;:500}\" data-widget_type=\"image-carousel.default\">\n\t\t\t\t<div class=\"elementor-widget-container\">\n\t\t\t\t\t\t\t<div class=\"elementor-image-carousel-wrapper swiper\" role=\"region\" aria-roledescription=\"carousel\" aria-label=\"Merry-go-round image\" dir=\"ltr\">\n\t\t\t<div class=\"elementor-image-carousel swiper-wrapper\" aria-live=\"off\">\n\t\t\t\t\t\t\t\t<div class=\"swiper-slide\" role=\"group\" aria-roledescription=\"slide\" aria-label=\"1 of 2\"><figure class=\"swiper-slide-inner\"><img decoding=\"async\" class=\"swiper-slide-image\" src=\"https:\/\/rita-pereira.com\/wp-content\/uploads\/2025\/02\/Rita-Pereira_Jacinta-Arau\u0301jo-Photography-123-scaled.webp\" alt=\"Sobre Mim\" \/><\/figure><\/div><div class=\"swiper-slide\" role=\"group\" aria-roledescription=\"slide\" aria-label=\"2 of 2\"><figure class=\"swiper-slide-inner\"><img decoding=\"async\" class=\"swiper-slide-image\" src=\"https:\/\/rita-pereira.com\/wp-content\/uploads\/2025\/02\/Rita-Pereira_Jacinta-Arau\u0301jo-Photography-11-scaled.webp\" alt=\"Sobre Mim e portfolio\" \/><\/figure><\/div>\t\t\t<\/div>\n\t\t\t\t\t\t\t\t\t\t\t\t<div class=\"elementor-swiper-button elementor-swiper-button-prev\" role=\"button\" tabindex=\"0\">\n\t\t\t\t\t\t<svg aria-hidden=\"true\" class=\"e-font-icon-svg e-eicon-chevron-left\" viewbox=\"0 0 1000 1000\" xmlns=\"http:\/\/www.w3.org\/2000\/svg\"><path d=\"M646 125C629 125 613 133 604 142L308 442C296 454 292 471 292 487 292 504 296 521 308 533L604 854C617 867 629 875 646 875 663 875 679 871 692 858 704 846 713 829 713 812 713 796 708 779 692 767L438 487 692 225C700 217 708 204 708 187 708 171 704 154 692 142 675 129 663 125 646 125Z\"><\/path><\/svg>\t\t\t\t\t<\/div>\n\t\t\t\t\t<div class=\"elementor-swiper-button elementor-swiper-button-next\" role=\"button\" tabindex=\"0\">\n\t\t\t\t\t\t<svg aria-hidden=\"true\" class=\"e-font-icon-svg e-eicon-chevron-right\" viewbox=\"0 0 1000 1000\" xmlns=\"http:\/\/www.w3.org\/2000\/svg\"><path d=\"M696 533C708 521 713 504 713 487 713 471 708 454 696 446L400 146C388 133 375 125 354 125 338 125 325 129 313 142 300 154 292 171 292 187 292 204 296 221 308 233L563 492 304 771C292 783 288 800 288 817 288 833 296 850 308 863 321 871 338 875 354 875 371 875 388 867 400 854L696 533Z\"><\/path><\/svg>\t\t\t\t\t<\/div>\n\t\t\t\t\n\t\t\t\t\t\t\t\t\t<div class=\"swiper-pagination\"><\/div>\n\t\t\t\t\t\t\t\t\t<\/div>\n\t\t\t\t\t\t<\/div>\n\t\t\t\t<\/div>\n\t\t\t\t<\/div>\n\t\t<div class=\"elementor-element elementor-element-a77f87d e-con-full e-flex e-con e-child\" data-id=\"a77f87d\" data-element_type=\"container\">\n\t\t\t\t<div class=\"elementor-element elementor-element-200a810 elementor-widget elementor-widget-text-editor\" data-id=\"200a810\" data-element_type=\"widget\" data-widget_type=\"text-editor.default\">\n\t\t\t\t<div class=\"elementor-widget-container\">\n\t\t\t\t\t\t\t\t\t<p data-start=\"489\" data-end=\"825\">I am Rita Pereira, with a bachelor's and master's degree in Communication Sciences, specialising in Journalism from the University of Minho. I worked as a journalist for five years, an experience that taught me to listen, structure information, and communicate clearly, skills that I now apply to brand communication strategy.<\/p><p data-start=\"827\" data-end=\"1184\">Since 2019 I work with <strong>content strategy,<\/strong>, <strong>copywriting and social media<\/strong>, helping companies align their communication with business objectives. Throughout my career, I have collaborated with over 30 national and international brands in areas such as sports, health, textiles, finance, fashion, interior decoration, the automotive sector, and sports betting.<\/p><p data-start=\"1186\" data-end=\"1434\">I believe in <strong>strategic communication, but human<\/strong>. The right content generates results, but it also creates relationships, closeness, and trust. The right content generates results, but it also creates relationships, closeness, and trust. Each project is unique, but my focus is always the same: to use communication to generate real and sustainable impact.<\/p><p data-start=\"1436\" data-end=\"1843\">Outside of work, sports are part of my routine, and I have had the privilege of visiting more than 50 stadiums in a professional context. I run regularly, practice Pilates, enjoy reading and cooking, because I believe that balance, discipline, and consistency are also reflected in the way I work. Music is always with me, and I am the mother of J., my greatest motivation to do better every day.<\/p>\t\t\t\t\t\t\t\t<\/div>\n\t\t\t\t<\/div>\n\t\t\t\t<div class=\"elementor-element elementor-element-5a0c340 elementor-mobile-align-center elementor-widget elementor-widget-button\" data-id=\"5a0c340\" data-element_type=\"widget\" data-widget_type=\"button.default\">\n\t\t\t\t<div class=\"elementor-widget-container\">\n\t\t\t\t\t\t\t\t\t<div class=\"elementor-button-wrapper\">\n\t\t\t\t\t<a class=\"elementor-button elementor-button-link elementor-size-sm\" href=\"https:\/\/rita-pereira.com\/en\/contactos\/\">\n\t\t\t\t\t\t<span class=\"elementor-button-content-wrapper\">\n\t\t\t\t\t\t<span class=\"elementor-button-icon\">\n\t\t\t\t<svg xmlns=\"http:\/\/www.w3.org\/2000\/svg\" viewbox=\"0 0 2048 2048\"><path d=\"M6.125 1088h1797.89l-402.976 403 89.994 90L2048 1024l-556.966-557-89.994 90 402.976 403H6.125v128z\"><\/path><\/svg>\t\t\t<\/span>\n\t\t\t\t\t\t\t\t\t<span class=\"elementor-button-text\">Text me!<\/span>\n\t\t\t\t\t<\/span>\n\t\t\t\t\t<\/a>\n\t\t\t\t<\/div>\n\t\t\t\t\t\t\t\t<\/div>\n\t\t\t\t<\/div>\n\t\t\t\t<\/div>\n\t\t\t\t\t<\/div>\n\t\t\t\t<\/div>\n\t\t\t\t<\/div>","protected":false},"excerpt":{"rendered":"<p>Quem sou eu? Sou a Rita Pereira, licenciada e mestre em Ci\u00eancias da Comunica\u00e7\u00e3o, com especializa\u00e7\u00e3o em Jornalismo pela Universidade do Minho. Trabalhei como jornalista durante cinco anos, uma experi\u00eancia que me ensinou a escutar, a estruturar informa\u00e7\u00e3o e a comunicar com clareza, compet\u00eancias que hoje aplico \u00e0 estrat\u00e9gia de comunica\u00e7\u00e3o de marcas. Desde 2019, [&hellip;]<\/p>","protected":false},"author":1,"featured_media":0,"parent":0,"menu_order":0,"comment_status":"closed","ping_status":"closed","template":"","meta":{"site-sidebar-layout":"no-sidebar","site-content-layout":"page-builder","ast-site-content-layout":"full-width-container","site-content-style":"unboxed","site-sidebar-style":"unboxed","ast-global-header-display":"","ast-banner-title-visibility":"","ast-main-header-display":"","ast-hfb-above-header-display":"","ast-hfb-below-header-display":"","ast-hfb-mobile-header-display":"","site-post-title":"disabled","ast-breadcrumbs-content":"disabled","ast-featured-img":"disabled","footer-sml-layout":"","theme-transparent-header-meta":"enabled","adv-header-id-meta":"","stick-header-meta":"","header-above-stick-meta":"","header-main-stick-meta":"","header-below-stick-meta":"","astra-migrate-meta-layouts":"set","ast-page-background-enabled":"default","ast-page-background-meta":{"desktop":{"background-color":"var(--ast-global-color-4)","background-image":"","background-repeat":"repeat","background-position":"center center","background-size":"auto","background-attachment":"scroll","background-type":"","background-media":"","overlay-type":"","overlay-color":"","overlay-opacity":"","overlay-gradient":""},"tablet":{"background-color":"","background-image":"","background-repeat":"repeat","background-position":"center center","background-size":"auto","background-attachment":"scroll","background-type":"","background-media":"","overlay-type":"","overlay-color":"","overlay-opacity":"","overlay-gradient":""},"mobile":{"background-color":"","background-image":"","background-repeat":"repeat","background-position":"center center","background-size":"auto","background-attachment":"scroll","background-type":"","background-media":"","overlay-type":"","overlay-color":"","overlay-opacity":"","overlay-gradient":""}},"ast-content-background-meta":{"desktop":{"background-color":"var(--ast-global-color-5)","background-image":"","background-repeat":"repeat","background-position":"center center","background-size":"auto","background-attachment":"scroll","background-type":"","background-media":"","overlay-type":"","overlay-color":"","overlay-opacity":"","overlay-gradient":""},"tablet":{"background-color":"var(--ast-global-color-5)","background-image":"","background-repeat":"repeat","background-position":"center center","background-size":"auto","background-attachment":"scroll","background-type":"","background-media":"","overlay-type":"","overlay-color":"","overlay-opacity":"","overlay-gradient":""},"mobile":{"background-color":"var(--ast-global-color-5)","background-image":"","background-repeat":"repeat","background-position":"center center","background-size":"auto","background-attachment":"scroll","background-type":"","background-media":"","overlay-type":"","overlay-color":"","overlay-opacity":"","overlay-gradient":""}},"footnotes":""},"class_list":["post-239","page","type-page","status-publish","hentry"],"yoast_head":"<!-- This site is optimized with the Yoast SEO plugin v26.7 - https:\/\/yoast.com\/wordpress\/plugins\/seo\/ -->\n<title>Sobre mim - Rita Pereira | SEO Content Writer<\/title>\n<meta name=\"description\" content=\"Acredito no poder das palavras e na ideia de que o conte\u00fado certo pode transformar neg\u00f3cios. Saiba mais sobre mim.\" \/>\n<meta name=\"robots\" content=\"index, follow, max-snippet:-1, max-image-preview:large, max-video-preview:-1\" \/>\n<link rel=\"canonical\" href=\"https:\/\/rita-pereira.com\/en\/sobre-mim\/\" \/>\n<meta property=\"og:locale\" content=\"en_GB\" \/>\n<meta property=\"og:type\" content=\"article\" \/>\n<meta property=\"og:title\" content=\"Sobre mim - Rita Pereira | SEO Content Writer\" \/>\n<meta property=\"og:description\" content=\"Acredito no poder das palavras e na ideia de que o conte\u00fado certo pode transformar neg\u00f3cios. Saiba mais sobre mim.\" \/>\n<meta property=\"og:url\" content=\"https:\/\/rita-pereira.com\/en\/sobre-mim\/\" \/>\n<meta property=\"og:site_name\" content=\"Rita Pereira | SEO Content Writer\" \/>\n<meta property=\"article:modified_time\" content=\"2026-01-12T16:19:46+00:00\" \/>\n<meta property=\"og:image\" content=\"https:\/\/rita-pereira.com\/wp-content\/uploads\/2025\/02\/Logo-1-png.webp\" \/>\n\t<meta property=\"og:image:width\" content=\"500\" \/>\n\t<meta property=\"og:image:height\" content=\"500\" \/>\n\t<meta property=\"og:image:type\" content=\"image\/png\" \/>\n<meta name=\"twitter:card\" content=\"summary_large_image\" \/>\n<meta name=\"twitter:label1\" content=\"Estimated reading time\" \/>\n\t<meta name=\"twitter:data1\" content=\"2 minutes\" \/>\n<script type=\"application\/ld+json\" class=\"yoast-schema-graph\">{\"@context\":\"https:\/\/schema.org\",\"@graph\":[{\"@type\":\"WebPage\",\"@id\":\"https:\/\/rita-pereira.com\/sobre-mim\/\",\"url\":\"https:\/\/rita-pereira.com\/sobre-mim\/\",\"name\":\"Sobre mim - Rita Pereira | SEO Content Writer\",\"isPartOf\":{\"@id\":\"https:\/\/rita-pereira.com\/#website\"},\"datePublished\":\"2025-02-01T16:34:30+00:00\",\"dateModified\":\"2026-01-12T16:19:46+00:00\",\"description\":\"Acredito no poder das palavras e na ideia de que o conte\u00fado certo pode transformar neg\u00f3cios. Saiba mais sobre mim.\",\"breadcrumb\":{\"@id\":\"https:\/\/rita-pereira.com\/sobre-mim\/#breadcrumb\"},\"inLanguage\":\"en-GB\",\"potentialAction\":[{\"@type\":\"ReadAction\",\"target\":[\"https:\/\/rita-pereira.com\/sobre-mim\/\"]}]},{\"@type\":\"BreadcrumbList\",\"@id\":\"https:\/\/rita-pereira.com\/sobre-mim\/#breadcrumb\",\"itemListElement\":[{\"@type\":\"ListItem\",\"position\":1,\"name\":\"In\u00edcio\",\"item\":\"https:\/\/rita-pereira.com\/\"},{\"@type\":\"ListItem\",\"position\":2,\"name\":\"Sobre\"}]},{\"@type\":\"WebSite\",\"@id\":\"https:\/\/rita-pereira.com\/#website\",\"url\":\"https:\/\/rita-pereira.com\/\",\"name\":\"Rita Pereira | SEO Content Writer\",\"description\":\"Rita Pereira | SEO Content Writer\",\"publisher\":{\"@id\":\"https:\/\/rita-pereira.com\/#\/schema\/person\/6d1a825a0be7d492426e6d99237a9c3e\"},\"alternateName\":\"Rita Pereira\",\"potentialAction\":[{\"@type\":\"SearchAction\",\"target\":{\"@type\":\"EntryPoint\",\"urlTemplate\":\"https:\/\/rita-pereira.com\/?s={search_term_string}\"},\"query-input\":{\"@type\":\"PropertyValueSpecification\",\"valueRequired\":true,\"valueName\":\"search_term_string\"}}],\"inLanguage\":\"en-GB\"},{\"@type\":[\"Person\",\"Organization\"],\"@id\":\"https:\/\/rita-pereira.com\/#\/schema\/person\/6d1a825a0be7d492426e6d99237a9c3e\",\"name\":\"admin\",\"image\":{\"@type\":\"ImageObject\",\"inLanguage\":\"en-GB\",\"@id\":\"https:\/\/rita-pereira.com\/#\/schema\/person\/image\/\",\"url\":\"https:\/\/rita-pereira.com\/wp-content\/uploads\/2025\/02\/cropped-Logo-1-png-1.webp\",\"contentUrl\":\"https:\/\/rita-pereira.com\/wp-content\/uploads\/2025\/02\/cropped-Logo-1-png-1.webp\",\"width\":512,\"height\":512,\"caption\":\"admin\"},\"logo\":{\"@id\":\"https:\/\/rita-pereira.com\/#\/schema\/person\/image\/\"},\"sameAs\":[\"https:\/\/rita-pereira.com\"]}]}<\/script>\n<!-- \/ Yoast SEO plugin. -->","yoast_head_json":{"title":"Sobre mim - Rita Pereira | SEO Content Writer","description":"Acredito no poder das palavras e na ideia de que o conte\u00fado certo pode transformar neg\u00f3cios. Saiba mais sobre mim.","robots":{"index":"index","follow":"follow","max-snippet":"max-snippet:-1","max-image-preview":"max-image-preview:large","max-video-preview":"max-video-preview:-1"},"canonical":"https:\/\/rita-pereira.com\/en\/sobre-mim\/","og_locale":"en_GB","og_type":"article","og_title":"Sobre mim - Rita Pereira | SEO Content Writer","og_description":"Acredito no poder das palavras e na ideia de que o conte\u00fado certo pode transformar neg\u00f3cios. Saiba mais sobre mim.","og_url":"https:\/\/rita-pereira.com\/en\/sobre-mim\/","og_site_name":"Rita Pereira | SEO Content Writer","article_modified_time":"2026-01-12T16:19:46+00:00","og_image":[{"width":500,"height":500,"url":"https:\/\/rita-pereira.com\/wp-content\/uploads\/2025\/02\/Logo-1-png.webp","type":"image\/png"}],"twitter_card":"summary_large_image","twitter_misc":{"Estimated reading time":"2 minutes"},"schema":{"@context":"https:\/\/schema.org","@graph":[{"@type":"WebPage","@id":"https:\/\/rita-pereira.com\/sobre-mim\/","url":"https:\/\/rita-pereira.com\/sobre-mim\/","name":"Sobre mim - Rita Pereira | SEO Content Writer","isPartOf":{"@id":"https:\/\/rita-pereira.com\/#website"},"datePublished":"2025-02-01T16:34:30+00:00","dateModified":"2026-01-12T16:19:46+00:00","description":"Acredito no poder das palavras e na ideia de que o conte\u00fado certo pode transformar neg\u00f3cios. Saiba mais sobre mim.","breadcrumb":{"@id":"https:\/\/rita-pereira.com\/sobre-mim\/#breadcrumb"},"inLanguage":"en-GB","potentialAction":[{"@type":"ReadAction","target":["https:\/\/rita-pereira.com\/sobre-mim\/"]}]},{"@type":"BreadcrumbList","@id":"https:\/\/rita-pereira.com\/sobre-mim\/#breadcrumb","itemListElement":[{"@type":"ListItem","position":1,"name":"In\u00edcio","item":"https:\/\/rita-pereira.com\/"},{"@type":"ListItem","position":2,"name":"Sobre"}]},{"@type":"WebSite","@id":"https:\/\/rita-pereira.com\/#website","url":"https:\/\/rita-pereira.com\/","name":"Rita Pereira | SEO Content Writer","description":"Rita Pereira | SEO Content Writer","publisher":{"@id":"https:\/\/rita-pereira.com\/#\/schema\/person\/6d1a825a0be7d492426e6d99237a9c3e"},"alternateName":"Rita Pereira","potentialAction":[{"@type":"SearchAction","target":{"@type":"EntryPoint","urlTemplate":"https:\/\/rita-pereira.com\/?s={search_term_string}"},"query-input":{"@type":"PropertyValueSpecification","valueRequired":true,"valueName":"search_term_string"}}],"inLanguage":"en-GB"},{"@type":["Person","Organization"],"@id":"https:\/\/rita-pereira.com\/#\/schema\/person\/6d1a825a0be7d492426e6d99237a9c3e","name":"admin","image":{"@type":"ImageObject","inLanguage":"en-GB","@id":"https:\/\/rita-pereira.com\/#\/schema\/person\/image\/","url":"https:\/\/rita-pereira.com\/wp-content\/uploads\/2025\/02\/cropped-Logo-1-png-1.webp","contentUrl":"https:\/\/rita-pereira.com\/wp-content\/uploads\/2025\/02\/cropped-Logo-1-png-1.webp","width":512,"height":512,"caption":"admin"},"logo":{"@id":"https:\/\/rita-pereira.com\/#\/schema\/person\/image\/"},"sameAs":["https:\/\/rita-pereira.com"]}]}},"_links":{"self":[{"href":"https:\/\/rita-pereira.com\/en\/wp-json\/wp\/v2\/pages\/239","targetHints":{"allow":["GET"]}}],"collection":[{"href":"https:\/\/rita-pereira.com\/en\/wp-json\/wp\/v2\/pages"}],"about":[{"href":"https:\/\/rita-pereira.com\/en\/wp-json\/wp\/v2\/types\/page"}],"author":[{"embeddable":true,"href":"https:\/\/rita-pereira.com\/en\/wp-json\/wp\/v2\/users\/1"}],"replies":[{"embeddable":true,"href":"https:\/\/rita-pereira.com\/en\/wp-json\/wp\/v2\/comments?post=239"}],"version-history":[{"count":56,"href":"https:\/\/rita-pereira.com\/en\/wp-json\/wp\/v2\/pages\/239\/revisions"}],"predecessor-version":[{"id":1840,"href":"https:\/\/rita-pereira.com\/en\/wp-json\/wp\/v2\/pages\/239\/revisions\/1840"}],"wp:attachment":[{"href":"https:\/\/rita-pereira.com\/en\/wp-json\/wp\/v2\/media?parent=239"}],"curies":[{"name":"wp","href":"https:\/\/api.w.org\/{rel}","templated":true}]}}