{"id":1242,"date":"2025-02-01T22:23:37","date_gmt":"2025-02-01T22:23:37","guid":{"rendered":"https:\/\/rita-pereira.com\/servicos-copy\/"},"modified":"2025-02-10T15:56:10","modified_gmt":"2025-02-10T15:56:10","slug":"politica-de-privacidade","status":"publish","type":"page","link":"https:\/\/rita-pereira.com\/en\/politica-de-privacidade\/","title":{"rendered":"Privacy policy"},"content":{"rendered":"<div data-elementor-type=\"wp-page\" data-elementor-id=\"1242\" class=\"elementor elementor-1242\">\n\t\t\t\t<div class=\"elementor-element elementor-element-c9f99d6 e-flex e-con-boxed e-con e-parent\" data-id=\"c9f99d6\" data-element_type=\"container\" data-settings=\"{&quot;background_background&quot;:&quot;classic&quot;}\">\n\t\t\t\t\t<div class=\"e-con-inner\">\n\t\t<div class=\"elementor-element elementor-element-019d61f e-con-full e-flex e-con e-child\" data-id=\"019d61f\" data-element_type=\"container\">\n\t\t\t\t<div class=\"elementor-element elementor-element-e84f964 elementor-widget elementor-widget-heading\" data-id=\"e84f964\" data-element_type=\"widget\" data-widget_type=\"heading.default\">\n\t\t\t\t<div class=\"elementor-widget-container\">\n\t\t\t\t\t<h1 class=\"elementor-heading-title elementor-size-default\">Privacy policy<\/h1>\t\t\t\t<\/div>\n\t\t\t\t<\/div>\n\t\t\t\t<\/div>\n\t\t\t\t\t<\/div>\n\t\t\t\t<\/div>\n\t\t<div class=\"elementor-element elementor-element-566ad88 e-flex e-con-boxed e-con e-parent\" data-id=\"566ad88\" data-element_type=\"container\" data-settings=\"{&quot;background_background&quot;:&quot;classic&quot;}\">\n\t\t\t\t\t<div class=\"e-con-inner\">\n\t\t\t\t<div class=\"elementor-element elementor-element-592d555 elementor-widget elementor-widget-text-editor\" data-id=\"592d555\" data-element_type=\"widget\" data-widget_type=\"text-editor.default\">\n\t\t\t\t<div class=\"elementor-widget-container\">\n\t\t\t\t\t\t\t\t\t<p>The protection of your privacy is a priority. We would like to share with you all-what do we do with your personal data. For this reason, in the course of this Privacy Policy, you may want to know what rights you have at your disposal, which we are dealing with, and with whom we share it, how long do we keep, and the other information that are relevant to you.<\/p><p>Please read them carefully. We also recommend a full reading of the Regulation 2016\/679 of the European Parliament and of the Council, appointed by the General Regulation on the Protection of Data, (hereinafter, RGPD), where you will be able to inform you in more detail about his or her rights under the privacy and security of your personal data.<\/p><p><strong>1) Who are we?<\/strong><br \/>Somos pelo tratamento dos seus dados pessoais, nos termos definidos no artigo 4\u00ba, n\u00ba7 do RGPD. O endere\u00e7o do nosso site \u00e9 <a href=\"https:\/\/rita-pereira.com\/en\/\">www.rita-pereira.com<\/a> e o endere\u00e7o de e-mail \u00e9 <a href=\"mailto:geral@rita-pereira.com\">geral@rita-pereira.com<\/a><\/p><p><strong>2). the Scope of application of this policy<\/strong><br \/>Esta Pol\u00edtica de Privacidade \u00e9 aplic\u00e1vel a todos os utilizadores do site <a href=\"https:\/\/rita-pereira.com\/en\/\">www.rita-pereira.com<\/a> e aos seus subdom\u00ednios. Como tal, a aplica\u00e7\u00e3o desta pol\u00edtica \u00e9 indiferente ao \u00e2mbito territorial, aplicando-se a todos os utilizadores a partir do momento em que acedam ao nosso website, independentemente da sua localiza\u00e7\u00e3o.<\/p><p><strong>3) What information do we collect on this website?<\/strong><br \/>From the moment you browse our website, we collect personal data in one of two ways:<br \/>1. Pedidos de informa\u00e7\u00e3o\/or\u00e7amento e newsletters: procederemos ao tratamento dos seus dados pessoais sempre que efetuar voluntariamente um pedido de or\u00e7amento ou subscrever a nossa newsletter. Os dados em quest\u00e3o s\u00e3o os m\u00ednimos e indispens\u00e1veis para uma troca de comunica\u00e7\u00f5es adequada, nomeadamente nome, e-mail, contacto telef\u00f3nico.<br \/>2. Dados recolhidos de forma autom\u00e1tica: mesmo nas situa\u00e7\u00f5es em que n\u00e3o nos fornece diretamente os seus dados pessoais podemos recolher alguns desses dados de forma autom\u00e1tica atrav\u00e9s de cookies e outros m\u00e9todos ou servi\u00e7os, como o tipo de aparelho, o sistema operativo, a localiza\u00e7\u00e3o geogr\u00e1fica, a dura\u00e7\u00e3o da visita e o n\u00famero de p\u00e1ginas visitadas. Ainda assim, n\u00e3o nos \u00e9 poss\u00edvel relacionar estes elementos com uma pessoa concreta.<\/p><p><strong>4) what do we do with collected information?<\/strong><br \/>All information collected is for the exclusive use of. We will not sell, exchange, rent, lease, or share with a third party without the prior consent of the user, unless required to do so by a court decision.<br \/>The data collected is internally organized in a database and used for a variety of purposes, including:<br \/>&#8211; Manuten\u00e7\u00e3o e melhoria dos servi\u00e7os: atrav\u00e9s da an\u00e1lise comportamental da utiliza\u00e7\u00e3o do nosso website podemos proceder \u00e0 corre\u00e7\u00e3o e melhoria de certas funcionalidades<br \/>&#8211; Apoio ao cliente e resposta aos pedidos de or\u00e7amento e\/ou informa\u00e7\u00e3o: \u00e9 com base nas informa\u00e7\u00f5es que nos fornece que podemos responder de forma eficiente \u00e0s necessidades de quem nos contacta;<br \/>&#8211; Marketing: podemos utilizar os seus dados pessoais para efeitos de marketing, como o envio de e-mails, notifica\u00e7\u00f5es, sms e correspond\u00eancia postal. No entanto, nunca o faremos sem a sua autoriza\u00e7\u00e3o expressa e pode livremente optar por n\u00e3o subscrever o envio de publicidade;<\/p><p><strong>5) Cookie Policy<\/strong><br \/>What are cookies used this site?<br \/>\u2013 Cookies anal\u00edticos (Atrav\u00e9s do <a href=\"https:\/\/marketingplatform.google.com\/about\/analytics\/\">Google Analytics<\/a> e Pixel Facebook). Estes cookies recolhem informa\u00e7\u00e3o estat\u00edstica an\u00f3nima que nos ajuda a perceber a forma como os utilizadores utilizam este website.<\/p><p><strong>6) the Term for processing of the data<\/strong><br \/>The personal data collected from you, whether they are customers or non-customers shall be retained for the time periods are different, depending on the nature of the relationship of the holder of the personal data and the purposes for which the data were collected, and always in compliance with the legal requirements. As soon as it ceases, the basis for which the data have been collected, they will be deleted, unless the law of the conservation of the species.<\/p><p><strong>7<\/strong><strong>Security of collected information<\/strong><br \/>We have a particular attention to the safety and security of your personal data. As such, we have made it regularly for the analysis of the us, to make sure all of your systems are in place to reduce the risk of a security.<\/p><p><strong>8) will you Update this Policy<\/strong><br \/>This Privacy Policy is subject to review from time to steady and on a regular basis, so that you can see to notify you by e-mail in the event of a modification to recommend a visit to this website.<\/p><p><strong>9) Acceptance of the Policy<\/strong><br \/>Your use of this site constitutes acceptance of the Privacy Policy &amp; Cookies. In case of any questions, if you wish to amend your data provided to them or request them to be deleted even after you have provided to contact you by e-mail.<\/p><p><strong>10) Contact<\/strong><br \/>If you continue with any further questions or want further clarification, please get in touch with us through the following: <a href=\"mailto:geral@rita-pereira.com\">geral@rita-pereira.com<\/a><\/p>\t\t\t\t\t\t\t\t<\/div>\n\t\t\t\t<\/div>\n\t\t\t\t\t<\/div>\n\t\t\t\t<\/div>\n\t\t\t\t<\/div>","protected":false},"excerpt":{"rendered":"<p>Pol\u00edtica de privacidade A prote\u00e7\u00e3o da sua privacidade \u00e9 priorit\u00e1ria. Queremos partilhar consigo tudo o que fazemos com os seus dados pessoais. Por isso, ao longo desta Pol\u00edtica de Privacidade poder\u00e1 saber que direitos tem ao seu dispor, quais os dados que tratamos e com quem os partilhamos, durante quanto tempo os conservamos e outras [&hellip;]<\/p>","protected":false},"author":1,"featured_media":0,"parent":0,"menu_order":0,"comment_status":"closed","ping_status":"closed","template":"","meta":{"site-sidebar-layout":"no-sidebar","site-content-layout":"page-builder","ast-site-content-layout":"full-width-container","site-content-style":"unboxed","site-sidebar-style":"unboxed","ast-global-header-display":"","ast-banner-title-visibility":"","ast-main-header-display":"","ast-hfb-above-header-display":"","ast-hfb-below-header-display":"","ast-hfb-mobile-header-display":"","site-post-title":"disabled","ast-breadcrumbs-content":"disabled","ast-featured-img":"disabled","footer-sml-layout":"","theme-transparent-header-meta":"enabled","adv-header-id-meta":"","stick-header-meta":"","header-above-stick-meta":"","header-main-stick-meta":"","header-below-stick-meta":"","astra-migrate-meta-layouts":"set","ast-page-background-enabled":"default","ast-page-background-meta":{"desktop":{"background-color":"var(--ast-global-color-4)","background-image":"","background-repeat":"repeat","background-position":"center center","background-size":"auto","background-attachment":"scroll","background-type":"","background-media":"","overlay-type":"","overlay-color":"","overlay-opacity":"","overlay-gradient":""},"tablet":{"background-color":"","background-image":"","background-repeat":"repeat","background-position":"center center","background-size":"auto","background-attachment":"scroll","background-type":"","background-media":"","overlay-type":"","overlay-color":"","overlay-opacity":"","overlay-gradient":""},"mobile":{"background-color":"","background-image":"","background-repeat":"repeat","background-position":"center center","background-size":"auto","background-attachment":"scroll","background-type":"","background-media":"","overlay-type":"","overlay-color":"","overlay-opacity":"","overlay-gradient":""}},"ast-content-background-meta":{"desktop":{"background-color":"var(--ast-global-color-5)","background-image":"","background-repeat":"repeat","background-position":"center center","background-size":"auto","background-attachment":"scroll","background-type":"","background-media":"","overlay-type":"","overlay-color":"","overlay-opacity":"","overlay-gradient":""},"tablet":{"background-color":"var(--ast-global-color-5)","background-image":"","background-repeat":"repeat","background-position":"center center","background-size":"auto","background-attachment":"scroll","background-type":"","background-media":"","overlay-type":"","overlay-color":"","overlay-opacity":"","overlay-gradient":""},"mobile":{"background-color":"var(--ast-global-color-5)","background-image":"","background-repeat":"repeat","background-position":"center center","background-size":"auto","background-attachment":"scroll","background-type":"","background-media":"","overlay-type":"","overlay-color":"","overlay-opacity":"","overlay-gradient":""}},"footnotes":""},"class_list":["post-1242","page","type-page","status-publish","hentry"],"yoast_head":"<!-- This site is optimized with the Yoast SEO plugin v26.7 - https:\/\/yoast.com\/wordpress\/plugins\/seo\/ -->\n<title>Pol\u00edtica de privacidade - Rita Pereira | SEO Content Writer<\/title>\n<meta name=\"description\" content=\"A prote\u00e7\u00e3o da sua privacidade \u00e9 priorit\u00e1ria. Partilho consigo tudo o que fa\u00e7o com os seus dados pessoais na Pol\u00edtica de Privacidade\" \/>\n<meta name=\"robots\" content=\"index, follow, max-snippet:-1, max-image-preview:large, max-video-preview:-1\" \/>\n<link rel=\"canonical\" href=\"https:\/\/rita-pereira.com\/en\/politica-de-privacidade\/\" \/>\n<meta property=\"og:locale\" content=\"en_GB\" \/>\n<meta property=\"og:type\" content=\"article\" \/>\n<meta property=\"og:title\" content=\"Pol\u00edtica de privacidade - Rita Pereira | SEO Content Writer\" \/>\n<meta property=\"og:description\" content=\"A prote\u00e7\u00e3o da sua privacidade \u00e9 priorit\u00e1ria. Partilho consigo tudo o que fa\u00e7o com os seus dados pessoais na Pol\u00edtica de Privacidade\" \/>\n<meta property=\"og:url\" content=\"https:\/\/rita-pereira.com\/en\/politica-de-privacidade\/\" \/>\n<meta property=\"og:site_name\" content=\"Rita Pereira | SEO Content Writer\" \/>\n<meta property=\"article:modified_time\" content=\"2025-02-10T15:56:10+00:00\" \/>\n<meta property=\"og:image\" content=\"https:\/\/rita-pereira.com\/wp-content\/uploads\/2025\/02\/Logo-1-png.webp\" \/>\n\t<meta property=\"og:image:width\" content=\"500\" \/>\n\t<meta property=\"og:image:height\" content=\"500\" \/>\n\t<meta property=\"og:image:type\" content=\"image\/png\" \/>\n<meta name=\"twitter:card\" content=\"summary_large_image\" \/>\n<meta name=\"twitter:label1\" content=\"Estimated reading time\" \/>\n\t<meta name=\"twitter:data1\" content=\"5 minutes\" \/>\n<script type=\"application\/ld+json\" class=\"yoast-schema-graph\">{\"@context\":\"https:\/\/schema.org\",\"@graph\":[{\"@type\":\"WebPage\",\"@id\":\"https:\/\/rita-pereira.com\/politica-de-privacidade\/\",\"url\":\"https:\/\/rita-pereira.com\/politica-de-privacidade\/\",\"name\":\"Pol\u00edtica de privacidade - Rita Pereira | SEO Content Writer\",\"isPartOf\":{\"@id\":\"https:\/\/rita-pereira.com\/#website\"},\"datePublished\":\"2025-02-01T22:23:37+00:00\",\"dateModified\":\"2025-02-10T15:56:10+00:00\",\"description\":\"A prote\u00e7\u00e3o da sua privacidade \u00e9 priorit\u00e1ria. Partilho consigo tudo o que fa\u00e7o com os seus dados pessoais na Pol\u00edtica de Privacidade\",\"breadcrumb\":{\"@id\":\"https:\/\/rita-pereira.com\/politica-de-privacidade\/#breadcrumb\"},\"inLanguage\":\"en-GB\",\"potentialAction\":[{\"@type\":\"ReadAction\",\"target\":[\"https:\/\/rita-pereira.com\/politica-de-privacidade\/\"]}]},{\"@type\":\"BreadcrumbList\",\"@id\":\"https:\/\/rita-pereira.com\/politica-de-privacidade\/#breadcrumb\",\"itemListElement\":[{\"@type\":\"ListItem\",\"position\":1,\"name\":\"In\u00edcio\",\"item\":\"https:\/\/rita-pereira.com\/\"},{\"@type\":\"ListItem\",\"position\":2,\"name\":\"Pol\u00edtica de privacidade\"}]},{\"@type\":\"WebSite\",\"@id\":\"https:\/\/rita-pereira.com\/#website\",\"url\":\"https:\/\/rita-pereira.com\/\",\"name\":\"Rita Pereira | SEO Content Writer\",\"description\":\"Rita Pereira | SEO Content Writer\",\"publisher\":{\"@id\":\"https:\/\/rita-pereira.com\/#\/schema\/person\/6d1a825a0be7d492426e6d99237a9c3e\"},\"alternateName\":\"Rita Pereira\",\"potentialAction\":[{\"@type\":\"SearchAction\",\"target\":{\"@type\":\"EntryPoint\",\"urlTemplate\":\"https:\/\/rita-pereira.com\/?s={search_term_string}\"},\"query-input\":{\"@type\":\"PropertyValueSpecification\",\"valueRequired\":true,\"valueName\":\"search_term_string\"}}],\"inLanguage\":\"en-GB\"},{\"@type\":[\"Person\",\"Organization\"],\"@id\":\"https:\/\/rita-pereira.com\/#\/schema\/person\/6d1a825a0be7d492426e6d99237a9c3e\",\"name\":\"admin\",\"image\":{\"@type\":\"ImageObject\",\"inLanguage\":\"en-GB\",\"@id\":\"https:\/\/rita-pereira.com\/#\/schema\/person\/image\/\",\"url\":\"https:\/\/rita-pereira.com\/wp-content\/uploads\/2025\/02\/cropped-Logo-1-png-1.webp\",\"contentUrl\":\"https:\/\/rita-pereira.com\/wp-content\/uploads\/2025\/02\/cropped-Logo-1-png-1.webp\",\"width\":512,\"height\":512,\"caption\":\"admin\"},\"logo\":{\"@id\":\"https:\/\/rita-pereira.com\/#\/schema\/person\/image\/\"},\"sameAs\":[\"https:\/\/rita-pereira.com\"]}]}<\/script>\n<!-- \/ Yoast SEO plugin. -->","yoast_head_json":{"title":"Pol\u00edtica de privacidade - Rita Pereira | SEO Content Writer","description":"A prote\u00e7\u00e3o da sua privacidade \u00e9 priorit\u00e1ria. Partilho consigo tudo o que fa\u00e7o com os seus dados pessoais na Pol\u00edtica de Privacidade","robots":{"index":"index","follow":"follow","max-snippet":"max-snippet:-1","max-image-preview":"max-image-preview:large","max-video-preview":"max-video-preview:-1"},"canonical":"https:\/\/rita-pereira.com\/en\/politica-de-privacidade\/","og_locale":"en_GB","og_type":"article","og_title":"Pol\u00edtica de privacidade - Rita Pereira | SEO Content Writer","og_description":"A prote\u00e7\u00e3o da sua privacidade \u00e9 priorit\u00e1ria. Partilho consigo tudo o que fa\u00e7o com os seus dados pessoais na Pol\u00edtica de Privacidade","og_url":"https:\/\/rita-pereira.com\/en\/politica-de-privacidade\/","og_site_name":"Rita Pereira | SEO Content Writer","article_modified_time":"2025-02-10T15:56:10+00:00","og_image":[{"width":500,"height":500,"url":"https:\/\/rita-pereira.com\/wp-content\/uploads\/2025\/02\/Logo-1-png.webp","type":"image\/png"}],"twitter_card":"summary_large_image","twitter_misc":{"Estimated reading time":"5 minutes"},"schema":{"@context":"https:\/\/schema.org","@graph":[{"@type":"WebPage","@id":"https:\/\/rita-pereira.com\/politica-de-privacidade\/","url":"https:\/\/rita-pereira.com\/politica-de-privacidade\/","name":"Pol\u00edtica de privacidade - Rita Pereira | SEO Content Writer","isPartOf":{"@id":"https:\/\/rita-pereira.com\/#website"},"datePublished":"2025-02-01T22:23:37+00:00","dateModified":"2025-02-10T15:56:10+00:00","description":"A prote\u00e7\u00e3o da sua privacidade \u00e9 priorit\u00e1ria. Partilho consigo tudo o que fa\u00e7o com os seus dados pessoais na Pol\u00edtica de Privacidade","breadcrumb":{"@id":"https:\/\/rita-pereira.com\/politica-de-privacidade\/#breadcrumb"},"inLanguage":"en-GB","potentialAction":[{"@type":"ReadAction","target":["https:\/\/rita-pereira.com\/politica-de-privacidade\/"]}]},{"@type":"BreadcrumbList","@id":"https:\/\/rita-pereira.com\/politica-de-privacidade\/#breadcrumb","itemListElement":[{"@type":"ListItem","position":1,"name":"In\u00edcio","item":"https:\/\/rita-pereira.com\/"},{"@type":"ListItem","position":2,"name":"Pol\u00edtica de privacidade"}]},{"@type":"WebSite","@id":"https:\/\/rita-pereira.com\/#website","url":"https:\/\/rita-pereira.com\/","name":"Rita Pereira | SEO Content Writer","description":"Rita Pereira | SEO Content Writer","publisher":{"@id":"https:\/\/rita-pereira.com\/#\/schema\/person\/6d1a825a0be7d492426e6d99237a9c3e"},"alternateName":"Rita Pereira","potentialAction":[{"@type":"SearchAction","target":{"@type":"EntryPoint","urlTemplate":"https:\/\/rita-pereira.com\/?s={search_term_string}"},"query-input":{"@type":"PropertyValueSpecification","valueRequired":true,"valueName":"search_term_string"}}],"inLanguage":"en-GB"},{"@type":["Person","Organization"],"@id":"https:\/\/rita-pereira.com\/#\/schema\/person\/6d1a825a0be7d492426e6d99237a9c3e","name":"admin","image":{"@type":"ImageObject","inLanguage":"en-GB","@id":"https:\/\/rita-pereira.com\/#\/schema\/person\/image\/","url":"https:\/\/rita-pereira.com\/wp-content\/uploads\/2025\/02\/cropped-Logo-1-png-1.webp","contentUrl":"https:\/\/rita-pereira.com\/wp-content\/uploads\/2025\/02\/cropped-Logo-1-png-1.webp","width":512,"height":512,"caption":"admin"},"logo":{"@id":"https:\/\/rita-pereira.com\/#\/schema\/person\/image\/"},"sameAs":["https:\/\/rita-pereira.com"]}]}},"_links":{"self":[{"href":"https:\/\/rita-pereira.com\/en\/wp-json\/wp\/v2\/pages\/1242","targetHints":{"allow":["GET"]}}],"collection":[{"href":"https:\/\/rita-pereira.com\/en\/wp-json\/wp\/v2\/pages"}],"about":[{"href":"https:\/\/rita-pereira.com\/en\/wp-json\/wp\/v2\/types\/page"}],"author":[{"embeddable":true,"href":"https:\/\/rita-pereira.com\/en\/wp-json\/wp\/v2\/users\/1"}],"replies":[{"embeddable":true,"href":"https:\/\/rita-pereira.com\/en\/wp-json\/wp\/v2\/comments?post=1242"}],"version-history":[{"count":25,"href":"https:\/\/rita-pereira.com\/en\/wp-json\/wp\/v2\/pages\/1242\/revisions"}],"predecessor-version":[{"id":1649,"href":"https:\/\/rita-pereira.com\/en\/wp-json\/wp\/v2\/pages\/1242\/revisions\/1649"}],"wp:attachment":[{"href":"https:\/\/rita-pereira.com\/en\/wp-json\/wp\/v2\/media?parent=1242"}],"curies":[{"name":"wp","href":"https:\/\/api.w.org\/{rel}","templated":true}]}}