{"id":1172,"date":"2025-02-01T21:23:26","date_gmt":"2025-02-01T21:23:26","guid":{"rendered":"https:\/\/rita-pereira.com\/servicos-copy\/"},"modified":"2026-01-12T17:25:05","modified_gmt":"2026-01-12T17:25:05","slug":"portfolio","status":"publish","type":"page","link":"https:\/\/rita-pereira.com\/en\/portfolio\/","title":{"rendered":"Portfolio"},"content":{"rendered":"<div data-elementor-type=\"wp-page\" data-elementor-id=\"1172\" class=\"elementor elementor-1172\">\n\t\t\t\t<div class=\"elementor-element elementor-element-c9f99d6 e-flex e-con-boxed e-con e-parent\" data-id=\"c9f99d6\" data-element_type=\"container\" data-settings=\"{&quot;background_background&quot;:&quot;classic&quot;}\">\n\t\t\t\t\t<div class=\"e-con-inner\">\n\t\t<div class=\"elementor-element elementor-element-019d61f e-con-full e-flex e-con e-child\" data-id=\"019d61f\" data-element_type=\"container\">\n\t\t\t\t<div class=\"elementor-element elementor-element-e84f964 elementor-widget elementor-widget-heading\" data-id=\"e84f964\" data-element_type=\"widget\" data-widget_type=\"heading.default\">\n\t\t\t\t<div class=\"elementor-widget-container\">\n\t\t\t\t\t<h1 class=\"elementor-heading-title elementor-size-default\">Portfolio<\/h1>\t\t\t\t<\/div>\n\t\t\t\t<\/div>\n\t\t\t\t<\/div>\n\t\t\t\t\t<\/div>\n\t\t\t\t<\/div>\n\t\t<div class=\"elementor-element elementor-element-39b4049 e-flex e-con-boxed e-con e-parent\" data-id=\"39b4049\" data-element_type=\"container\" data-settings=\"{&quot;background_background&quot;:&quot;classic&quot;}\">\n\t\t\t\t\t<div class=\"e-con-inner\">\n\t\t\t\t<div class=\"elementor-element elementor-element-9dfaf56 elementor-widget elementor-widget-text-editor\" data-id=\"9dfaf56\" data-element_type=\"widget\" data-widget_type=\"text-editor.default\">\n\t\t\t\t<div class=\"elementor-widget-container\">\n\t\t\t\t\t\t\t\t\t<p>Each project starts with a strategy. More than just writing well, my work involves thinking of content as a tool to position brands, clarify messages, and support business objectives, through <a href=\"https:\/\/rita-pereira.com\/en\/servicos\/\">services of <strong>strategic communication<\/strong>. <\/a><\/p><p>In this portfolio you will find examples of content for websites, blogs, social media, and copywriting, developed with a focus on strategy, relevance, and consistency.<\/p>\t\t\t\t\t\t\t\t<\/div>\n\t\t\t\t<\/div>\n\t\t\t\t\t<\/div>\n\t\t\t\t<\/div>\n\t\t<div class=\"elementor-element elementor-element-31eb1ff e-flex e-con-boxed e-con e-parent\" data-id=\"31eb1ff\" data-element_type=\"container\" data-settings=\"{&quot;background_background&quot;:&quot;classic&quot;}\">\n\t\t\t\t\t<div class=\"e-con-inner\">\n\t\t<div class=\"elementor-element elementor-element-2e74b50 e-con-full e-flex e-con e-child\" data-id=\"2e74b50\" data-element_type=\"container\">\n\t\t\t\t<div class=\"elementor-element elementor-element-2ab1e78 elementor-widget elementor-widget-heading\" data-id=\"2ab1e78\" data-element_type=\"widget\" data-widget_type=\"heading.default\">\n\t\t\t\t<div class=\"elementor-widget-container\">\n\t\t\t\t\t<h2 class=\"elementor-heading-title elementor-size-default\">Automotive Sector<\/h2>\t\t\t\t<\/div>\n\t\t\t\t<\/div>\n\t\t<div class=\"elementor-element elementor-element-548b87d e-con-full e-grid e-con e-child\" data-id=\"548b87d\" data-element_type=\"container\">\n\t\t<a class=\"elementor-element elementor-element-155373a e-con-full card-portfolio e-flex e-con e-child\" data-id=\"155373a\" data-element_type=\"container\" data-settings=\"{&quot;background_background&quot;:&quot;classic&quot;}\" href=\"https:\/\/caetanoretail.pt\/peugeot\/carros-novos\/e-rifter\/\" target=\"_blank\" text-decoration=\"none\">\n\t\t\t\t<div class=\"elementor-element elementor-element-2aee66d elementor-widget elementor-widget-heading\" data-id=\"2aee66d\" data-element_type=\"widget\" data-widget_type=\"heading.default\">\n\t\t\t\t<div class=\"elementor-widget-container\">\n\t\t\t\t\t<h3 class=\"elementor-heading-title elementor-size-default\">The Peugeot E-Rifter: versatile and full of life<\/h3>\t\t\t\t<\/div>\n\t\t\t\t<\/div>\n\t\t\t\t<\/a>\n\t\t<a class=\"elementor-element elementor-element-86243b7 e-con-full card-portfolio e-flex e-con e-child\" data-id=\"86243b7\" data-element_type=\"container\" data-settings=\"{&quot;background_background&quot;:&quot;classic&quot;}\" href=\"https:\/\/caetanoretail.pt\/volkswagen\/carros-novos\/id5\/\" target=\"_blank\">\n\t\t\t\t<div class=\"elementor-element elementor-element-1b44776 elementor-widget elementor-widget-heading\" data-id=\"1b44776\" data-element_type=\"widget\" data-widget_type=\"heading.default\">\n\t\t\t\t<div class=\"elementor-widget-container\">\n\t\t\t\t\t<h3 class=\"elementor-heading-title elementor-size-default\">The Volkswagen ID.5: the all-electric<\/h3>\t\t\t\t<\/div>\n\t\t\t\t<\/div>\n\t\t\t\t<\/a>\n\t\t<a class=\"elementor-element elementor-element-48f6eba e-con-full card-portfolio e-flex e-con e-child\" data-id=\"48f6eba\" data-element_type=\"container\" data-settings=\"{&quot;background_background&quot;:&quot;classic&quot;}\" href=\"https:\/\/caetanoretail.pt\/byd\/carros-novos\/seal\/\" target=\"_blank\">\n\t\t\t\t<div class=\"elementor-element elementor-element-43e7be2 elementor-widget elementor-widget-heading\" data-id=\"43e7be2\" data-element_type=\"widget\" data-widget_type=\"heading.default\">\n\t\t\t\t<div class=\"elementor-widget-container\">\n\t\t\t\t\t<h3 class=\"elementor-heading-title elementor-size-default\">BYD Seal: all-electric, sporty and stylish<\/h3>\t\t\t\t<\/div>\n\t\t\t\t<\/div>\n\t\t\t\t<\/a>\n\t\t<a class=\"elementor-element elementor-element-4d98b90 e-con-full card-portfolio e-flex e-con e-child\" data-id=\"4d98b90\" data-element_type=\"container\" data-settings=\"{&quot;background_background&quot;:&quot;classic&quot;}\" href=\"https:\/\/caetanoretail.pt\/peugeot\/noticias\/mudar-correia-distribuicao-peugeot-2008\/\" target=\"_blank\">\n\t\t\t\t<div class=\"elementor-element elementor-element-c246ee0 elementor-widget elementor-widget-heading\" data-id=\"c246ee0\" data-element_type=\"widget\" data-widget_type=\"heading.default\">\n\t\t\t\t<div class=\"elementor-widget-container\">\n\t\t\t\t\t<h3 class=\"elementor-heading-title elementor-size-default\">When you change the timing belt on the Peugeot 2008?<\/h3>\t\t\t\t<\/div>\n\t\t\t\t<\/div>\n\t\t\t\t<\/a>\n\t\t<a class=\"elementor-element elementor-element-0ffc2d0 e-con-full card-portfolio e-flex e-con e-child\" data-id=\"0ffc2d0\" data-element_type=\"container\" data-settings=\"{&quot;background_background&quot;:&quot;classic&quot;}\" href=\"https:\/\/www.carplus.pt\/carros-usados\/dacia\/sandero\/\" target=\"_blank\">\n\t\t\t\t<div class=\"elementor-element elementor-element-5cd09d2 elementor-widget elementor-widget-heading\" data-id=\"5cd09d2\" data-element_type=\"widget\" data-widget_type=\"heading.default\">\n\t\t\t\t<div class=\"elementor-widget-container\">\n\t\t\t\t\t<h3 class=\"elementor-heading-title elementor-size-default\">Dacia Sandero used<\/h3>\t\t\t\t<\/div>\n\t\t\t\t<\/div>\n\t\t\t\t<\/a>\n\t\t<a class=\"elementor-element elementor-element-bf4667d e-con-full card-portfolio e-flex e-con e-child\" data-id=\"bf4667d\" data-element_type=\"container\" data-settings=\"{&quot;background_background&quot;:&quot;classic&quot;}\" href=\"https:\/\/www.carplus.pt\/tipos-de-veiculos\/comercial\/\" target=\"_blank\">\n\t\t\t\t<div class=\"elementor-element elementor-element-829f06c elementor-widget elementor-widget-heading\" data-id=\"829f06c\" data-element_type=\"widget\" data-widget_type=\"heading.default\">\n\t\t\t\t<div class=\"elementor-widget-container\">\n\t\t\t\t\t<h3 class=\"elementor-heading-title elementor-size-default\">Car trade, used<\/h3>\t\t\t\t<\/div>\n\t\t\t\t<\/div>\n\t\t\t\t<\/a>\n\t\t\t\t<\/div>\n\t\t\t\t<\/div>\n\t\t\t\t\t<\/div>\n\t\t\t\t<\/div>\n\t\t<div class=\"elementor-element elementor-element-e0860fc e-flex e-con-boxed e-con e-parent\" data-id=\"e0860fc\" data-element_type=\"container\" data-settings=\"{&quot;background_background&quot;:&quot;classic&quot;}\">\n\t\t\t\t\t<div class=\"e-con-inner\">\n\t\t<div class=\"elementor-element elementor-element-99a3b8d e-con-full e-flex e-con e-child\" data-id=\"99a3b8d\" data-element_type=\"container\">\n\t\t\t\t<div class=\"elementor-element elementor-element-ae6a2fa elementor-widget elementor-widget-heading\" data-id=\"ae6a2fa\" data-element_type=\"widget\" data-widget_type=\"heading.default\">\n\t\t\t\t<div class=\"elementor-widget-container\">\n\t\t\t\t\t<h2 class=\"elementor-heading-title elementor-size-default\">Science &amp; Technology<\/h2>\t\t\t\t<\/div>\n\t\t\t\t<\/div>\n\t\t<div class=\"elementor-element elementor-element-e76ffda e-con-full e-grid e-con e-child\" data-id=\"e76ffda\" data-element_type=\"container\">\n\t\t<a class=\"elementor-element elementor-element-d830f12 e-con-full card-portfolio e-flex e-con e-child\" data-id=\"d830f12\" data-element_type=\"container\" data-settings=\"{&quot;background_background&quot;:&quot;classic&quot;}\" href=\"https:\/\/www.isell.pt\/blogs\/pt-blog\/ios-da-apple-cresceu-6-nos-ultimos-anos\">\n\t\t\t\t<div class=\"elementor-element elementor-element-b4003d1 elementor-widget elementor-widget-heading\" data-id=\"b4003d1\" data-element_type=\"widget\" data-widget_type=\"heading.default\">\n\t\t\t\t<div class=\"elementor-widget-container\">\n\t\t\t\t\t<h3 class=\"elementor-heading-title elementor-size-default\">Apple&#039;s IOS has grown by 6% over the past year<\/h3>\t\t\t\t<\/div>\n\t\t\t\t<\/div>\n\t\t\t\t<\/a>\n\t\t<a class=\"elementor-element elementor-element-45e6145 e-con-full card-portfolio e-flex e-con e-child\" data-id=\"45e6145\" data-element_type=\"container\" data-settings=\"{&quot;background_background&quot;:&quot;classic&quot;}\" href=\"https:\/\/www.isell.pt\/blogs\/pt-blog\/galaxy-s23-esperado-para-o-inicio-de-fevereiro\">\n\t\t\t\t<div class=\"elementor-element elementor-element-a02bfaa elementor-widget elementor-widget-heading\" data-id=\"a02bfaa\" data-element_type=\"widget\" data-widget_type=\"heading.default\">\n\t\t\t\t<div class=\"elementor-widget-container\">\n\t\t\t\t\t<h3 class=\"elementor-heading-title elementor-size-default\">Galaxy S23 is expected to start in February<\/h3>\t\t\t\t<\/div>\n\t\t\t\t<\/div>\n\t\t\t\t<\/a>\n\t\t<a class=\"elementor-element elementor-element-25aee98 e-con-full card-portfolio e-flex e-con e-child\" data-id=\"25aee98\" data-element_type=\"container\" data-settings=\"{&quot;background_background&quot;:&quot;classic&quot;}\" href=\"https:\/\/www.isell.pt\/blogs\/pt-blog\/apple-watch-ative-estas-5-funcoes-e-podera-salvar-a-sua-vida\" target=\"_blank\">\n\t\t\t\t<div class=\"elementor-element elementor-element-a76ea84 elementor-widget elementor-widget-heading\" data-id=\"a76ea84\" data-element_type=\"widget\" data-widget_type=\"heading.default\">\n\t\t\t\t<div class=\"elementor-widget-container\">\n\t\t\t\t\t<h3 class=\"elementor-heading-title elementor-size-default\">Apple Watch: - activate this 5-in functions, and can save your life<\/h3>\t\t\t\t<\/div>\n\t\t\t\t<\/div>\n\t\t\t\t<\/a>\n\t\t\t\t<\/div>\n\t\t\t\t<\/div>\n\t\t\t\t\t<\/div>\n\t\t\t\t<\/div>\n\t\t<div class=\"elementor-element elementor-element-2ddabea e-flex e-con-boxed e-con e-parent\" data-id=\"2ddabea\" data-element_type=\"container\" data-settings=\"{&quot;background_background&quot;:&quot;classic&quot;}\">\n\t\t\t\t\t<div class=\"e-con-inner\">\n\t\t<div class=\"elementor-element elementor-element-01fea74 e-con-full e-flex e-con e-child\" data-id=\"01fea74\" data-element_type=\"container\">\n\t\t\t\t<div class=\"elementor-element elementor-element-0016365 elementor-widget elementor-widget-heading\" data-id=\"0016365\" data-element_type=\"widget\" data-widget_type=\"heading.default\">\n\t\t\t\t<div class=\"elementor-widget-container\">\n\t\t\t\t\t<h2 class=\"elementor-heading-title elementor-size-default\">Interior design<\/h2>\t\t\t\t<\/div>\n\t\t\t\t<\/div>\n\t\t<div class=\"elementor-element elementor-element-611cccc e-con-full e-grid e-con e-child\" data-id=\"611cccc\" data-element_type=\"container\">\n\t\t<a class=\"elementor-element elementor-element-46cf294 e-con-full card-portfolio e-flex e-con e-child\" data-id=\"46cf294\" data-element_type=\"container\" data-settings=\"{&quot;background_background&quot;:&quot;classic&quot;}\" href=\"https:\/\/www.almadeluce.com\/blog\/6\/559\/winter-decoration-2024-the-5-best-trends-for-the-season\/\" target=\"_blank\">\n\t\t\t\t<div class=\"elementor-element elementor-element-5e23570 elementor-widget elementor-widget-heading\" data-id=\"5e23570\" data-element_type=\"widget\" data-widget_type=\"heading.default\">\n\t\t\t\t<div class=\"elementor-widget-container\">\n\t\t\t\t\t<h3 class=\"elementor-heading-title elementor-size-default\">Winter Decoration to 2024: the 5 best trends for the season<\/h3>\t\t\t\t<\/div>\n\t\t\t\t<\/div>\n\t\t\t\t<\/a>\n\t\t<a class=\"elementor-element elementor-element-d040db4 e-con-full card-portfolio e-flex e-con e-child\" data-id=\"d040db4\" data-element_type=\"container\" data-settings=\"{&quot;background_background&quot;:&quot;classic&quot;}\" href=\"https:\/\/www.almadeluce.com\/blog\/sensory-design-how-to-transform-spaces-into-experiences\/\" target=\"_blank\">\n\t\t\t\t<div class=\"elementor-element elementor-element-91ec489 elementor-widget elementor-widget-heading\" data-id=\"91ec489\" data-element_type=\"widget\" data-widget_type=\"heading.default\">\n\t\t\t\t<div class=\"elementor-widget-container\">\n\t\t\t\t\t<h3 class=\"elementor-heading-title elementor-size-default\">Sensory design: how to transform spaces into experiences<\/h3>\t\t\t\t<\/div>\n\t\t\t\t<\/div>\n\t\t\t\t<\/a>\n\t\t<a class=\"elementor-element elementor-element-3a5f18f e-con-full card-portfolio e-flex e-con e-child\" data-id=\"3a5f18f\" data-element_type=\"container\" data-settings=\"{&quot;background_background&quot;:&quot;classic&quot;}\" href=\"https:\/\/www.almadeluce.com\/blog\/4\/522\/majlis-space-the-elegance-of-the-al-hijr-sofa-in-interior-design\/\" target=\"_blank\">\n\t\t\t\t<div class=\"elementor-element elementor-element-94cc587 elementor-widget elementor-widget-heading\" data-id=\"94cc587\" data-element_type=\"widget\" data-widget_type=\"heading.default\">\n\t\t\t\t<div class=\"elementor-widget-container\">\n\t\t\t\t\t<h3 class=\"elementor-heading-title elementor-size-default\">Majlis space: the elegance of the Al-rocky tract also a sofa in the interior design<\/h3>\t\t\t\t<\/div>\n\t\t\t\t<\/div>\n\t\t\t\t<\/a>\n\t\t<a class=\"elementor-element elementor-element-7d79363 e-con-full card-portfolio e-flex e-con e-child\" data-id=\"7d79363\" data-element_type=\"container\" data-settings=\"{&quot;background_background&quot;:&quot;classic&quot;}\" href=\"https:\/\/www.almadeluce.com\/blog\/symmetry-and-balance-in-interior-design-the-secret-to-perfect-harmony\/\" target=\"_blank\">\n\t\t\t\t<div class=\"elementor-element elementor-element-0ee1462 elementor-widget elementor-widget-heading\" data-id=\"0ee1462\" data-element_type=\"widget\" data-widget_type=\"heading.default\">\n\t\t\t\t<div class=\"elementor-widget-container\">\n\t\t\t\t\t<h3 class=\"elementor-heading-title elementor-size-default\">Symmetry and balance in the interior design-the secret to the perfect harmony<\/h3>\t\t\t\t<\/div>\n\t\t\t\t<\/div>\n\t\t\t\t<\/a>\n\t\t\t\t<\/div>\n\t\t\t\t<\/div>\n\t\t\t\t\t<\/div>\n\t\t\t\t<\/div>\n\t\t<div class=\"elementor-element elementor-element-00e1028 e-flex e-con-boxed e-con e-parent\" data-id=\"00e1028\" data-element_type=\"container\" data-settings=\"{&quot;background_background&quot;:&quot;classic&quot;}\">\n\t\t\t\t\t<div class=\"e-con-inner\">\n\t\t<div class=\"elementor-element elementor-element-24563d9 e-con-full e-flex e-con e-child\" data-id=\"24563d9\" data-element_type=\"container\">\n\t\t\t\t<div class=\"elementor-element elementor-element-f041e3a elementor-widget elementor-widget-heading\" data-id=\"f041e3a\" data-element_type=\"widget\" data-widget_type=\"heading.default\">\n\t\t\t\t<div class=\"elementor-widget-container\">\n\t\t\t\t\t<h2 class=\"elementor-heading-title elementor-size-default\">Economy and Finance <\/h2>\t\t\t\t<\/div>\n\t\t\t\t<\/div>\n\t\t<div class=\"elementor-element elementor-element-7089ef4 e-con-full e-grid e-con e-child\" data-id=\"7089ef4\" data-element_type=\"container\">\n\t\t<a class=\"elementor-element elementor-element-f34742e e-con-full card-portfolio e-flex e-con e-child\" data-id=\"f34742e\" data-element_type=\"container\" data-settings=\"{&quot;background_background&quot;:&quot;classic&quot;}\" href=\"https:\/\/www.doutorfinancas.pt\/financas-pessoais\/poupanca\/nao-consegue-poupar-7-dicas-para-gerir-o-seu-orcamento-familiar\/\" target=\"_blank\">\n\t\t\t\t<div class=\"elementor-element elementor-element-bb190c7 elementor-widget elementor-widget-heading\" data-id=\"bb190c7\" data-element_type=\"widget\" data-widget_type=\"heading.default\">\n\t\t\t\t<div class=\"elementor-widget-container\">\n\t\t\t\t\t<h3 class=\"elementor-heading-title elementor-size-default\">Can't save money? 7 tips on how to manage your family budget<\/h3>\t\t\t\t<\/div>\n\t\t\t\t<\/div>\n\t\t\t\t<\/a>\n\t\t<a class=\"elementor-element elementor-element-114f80b e-con-full card-portfolio e-flex e-con e-child\" data-id=\"114f80b\" data-element_type=\"container\" data-settings=\"{&quot;background_background&quot;:&quot;classic&quot;}\" href=\"https:\/\/www.doutorfinancas.pt\/financas-pessoais\/poupanca\/poupanca-para-jovens-3-caminhos-para-comecar-a-poupar\/\" target=\"_blank\">\n\t\t\t\t<div class=\"elementor-element elementor-element-d1e8d8f elementor-widget elementor-widget-heading\" data-id=\"d1e8d8f\" data-element_type=\"widget\" data-widget_type=\"heading.default\">\n\t\t\t\t<div class=\"elementor-widget-container\">\n\t\t\t\t\t<h3 class=\"elementor-heading-title elementor-size-default\">Save for young women: 3 ways to start saving now<\/h3>\t\t\t\t<\/div>\n\t\t\t\t<\/div>\n\t\t\t\t<\/a>\n\t\t<a class=\"elementor-element elementor-element-96e500a e-con-full card-portfolio e-flex e-con e-child\" data-id=\"96e500a\" data-element_type=\"container\" data-settings=\"{&quot;background_background&quot;:&quot;classic&quot;}\" href=\"https:\/\/invoicexpress.com\/o-que-e-sazonalidade-impacto-vendas-faturacao\/\" target=\"_blank\">\n\t\t\t\t<div class=\"elementor-element elementor-element-6cfb5c5 elementor-widget elementor-widget-heading\" data-id=\"6cfb5c5\" data-element_type=\"widget\" data-widget_type=\"heading.default\">\n\t\t\t\t<div class=\"elementor-widget-container\">\n\t\t\t\t\t<h3 class=\"elementor-heading-title elementor-size-default\">How to avoid the seasonal nature of the business is to have an impact on the billing<\/h3>\t\t\t\t<\/div>\n\t\t\t\t<\/div>\n\t\t\t\t<\/a>\n\t\t<a class=\"elementor-element elementor-element-b096ae9 e-con-full card-portfolio e-flex e-con e-child\" data-id=\"b096ae9\" data-element_type=\"container\" data-settings=\"{&quot;background_background&quot;:&quot;classic&quot;}\" href=\"https:\/\/www.e-konomista.pt\/familias-pagam-renda-reducao-retencao\/\" target=\"_blank\">\n\t\t\t\t<div class=\"elementor-element elementor-element-314657d elementor-widget elementor-widget-heading\" data-id=\"314657d\" data-element_type=\"widget\" data-widget_type=\"heading.default\">\n\t\t\t\t<div class=\"elementor-widget-container\">\n\t\t\t\t\t<h3 class=\"elementor-heading-title elementor-size-default\">Households that pay rent to have a reduction in the withholding tax<\/h3>\t\t\t\t<\/div>\n\t\t\t\t<\/div>\n\t\t\t\t<\/a>\n\t\t<a class=\"elementor-element elementor-element-7f192a5 e-con-full card-portfolio e-flex e-con e-child\" data-id=\"7f192a5\" data-element_type=\"container\" data-settings=\"{&quot;background_background&quot;:&quot;classic&quot;}\" href=\"https:\/\/www.e-konomista.pt\/orcamento-estado-2024\/\" target=\"_blank\">\n\t\t\t\t<div class=\"elementor-element elementor-element-26ce199 elementor-widget elementor-widget-heading\" data-id=\"26ce199\" data-element_type=\"widget\" data-widget_type=\"heading.default\">\n\t\t\t\t<div class=\"elementor-widget-container\">\n\t\t\t\t\t<h3 class=\"elementor-heading-title elementor-size-default\">10 of the measures leading up to the State&#039;s Budget for 2024<\/h3>\t\t\t\t<\/div>\n\t\t\t\t<\/div>\n\t\t\t\t<\/a>\n\t\t\t\t<\/div>\n\t\t\t\t<\/div>\n\t\t\t\t\t<\/div>\n\t\t\t\t<\/div>\n\t\t<div class=\"elementor-element elementor-element-ac07af7 e-flex e-con-boxed e-con e-parent\" data-id=\"ac07af7\" data-element_type=\"container\" data-settings=\"{&quot;background_background&quot;:&quot;classic&quot;}\">\n\t\t\t\t\t<div class=\"e-con-inner\">\n\t\t<div class=\"elementor-element elementor-element-719e226 e-con-full e-flex e-con e-child\" data-id=\"719e226\" data-element_type=\"container\">\n\t\t\t\t<div class=\"elementor-element elementor-element-7d2eeb4 elementor-widget elementor-widget-heading\" data-id=\"7d2eeb4\" data-element_type=\"widget\" data-widget_type=\"heading.default\">\n\t\t\t\t<div class=\"elementor-widget-container\">\n\t\t\t\t\t<h2 class=\"elementor-heading-title elementor-size-default\">Health and Wellbeing<\/h2>\t\t\t\t<\/div>\n\t\t\t\t<\/div>\n\t\t<div class=\"elementor-element elementor-element-cbc4db8 e-con-full e-grid e-con e-child\" data-id=\"cbc4db8\" data-element_type=\"container\">\n\t\t<a class=\"elementor-element elementor-element-f50bce8 e-con-full card-portfolio e-flex e-con e-child\" data-id=\"f50bce8\" data-element_type=\"container\" data-settings=\"{&quot;background_background&quot;:&quot;classic&quot;}\" href=\"https:\/\/www.farmaciavarela.pt\/blog\/a-importancia-da-vacinacao-na-qualidade-de-vida-dos-utentes\/\" target=\"_blank\">\n\t\t\t\t<div class=\"elementor-element elementor-element-74cf169 elementor-widget elementor-widget-heading\" data-id=\"74cf169\" data-element_type=\"widget\" data-widget_type=\"heading.default\">\n\t\t\t\t<div class=\"elementor-widget-container\">\n\t\t\t\t\t<h3 class=\"elementor-heading-title elementor-size-default\">How to strengthen your immune system: 5 effective tips<\/h3>\t\t\t\t<\/div>\n\t\t\t\t<\/div>\n\t\t\t\t<\/a>\n\t\t<a class=\"elementor-element elementor-element-ed7478d e-con-full card-portfolio e-flex e-con e-child\" data-id=\"ed7478d\" data-element_type=\"container\" data-settings=\"{&quot;background_background&quot;:&quot;classic&quot;}\" href=\"https:\/\/www.farmaciavarela.pt\/blog\/como-fortalecer-o-sistema-imunitario-5-dicas-eficazes\/\" target=\"_blank\">\n\t\t\t\t<div class=\"elementor-element elementor-element-4d557ba elementor-widget elementor-widget-heading\" data-id=\"4d557ba\" data-element_type=\"widget\" data-widget_type=\"heading.default\">\n\t\t\t\t<div class=\"elementor-widget-container\">\n\t\t\t\t\t<h3 class=\"elementor-heading-title elementor-size-default\">The importance of vaccinations on the quality of life of the users<\/h3>\t\t\t\t<\/div>\n\t\t\t\t<\/div>\n\t\t\t\t<\/a>\n\t\t<a class=\"elementor-element elementor-element-50f8d9e e-con-full card-portfolio e-flex e-con e-child\" data-id=\"50f8d9e\" data-element_type=\"container\" data-settings=\"{&quot;background_background&quot;:&quot;classic&quot;}\" href=\"https:\/\/www.farmaciavarela.pt\/blog\/como-fortalecer-o-sistema-imunitario-5-dicas-eficazes\/\" target=\"_blank\">\n\t\t\t\t<div class=\"elementor-element elementor-element-5e4e068 elementor-widget elementor-widget-heading\" data-id=\"5e4e068\" data-element_type=\"widget\" data-widget_type=\"heading.default\">\n\t\t\t\t<div class=\"elementor-widget-container\">\n\t\t\t\t\t<h3 class=\"elementor-heading-title elementor-size-default\">Prevention of melanoma: tips on how to protect the health of your skin<\/h3>\t\t\t\t<\/div>\n\t\t\t\t<\/div>\n\t\t\t\t<\/a>\n\t\t\t\t<\/div>\n\t\t\t\t<\/div>\n\t\t\t\t\t<\/div>\n\t\t\t\t<\/div>\n\t\t<div class=\"elementor-element elementor-element-1aa03b3 e-flex e-con-boxed e-con e-parent\" data-id=\"1aa03b3\" data-element_type=\"container\" data-settings=\"{&quot;background_background&quot;:&quot;classic&quot;}\">\n\t\t\t\t\t<div class=\"e-con-inner\">\n\t\t<div class=\"elementor-element elementor-element-77e2398 e-con-full e-flex e-con e-child\" data-id=\"77e2398\" data-element_type=\"container\">\n\t\t\t\t<div class=\"elementor-element elementor-element-448fec5 elementor-widget elementor-widget-heading\" data-id=\"448fec5\" data-element_type=\"widget\" data-widget_type=\"heading.default\">\n\t\t\t\t<div class=\"elementor-widget-container\">\n\t\t\t\t\t<h2 class=\"elementor-heading-title elementor-size-default\">Architecture and Construction<\/h2>\t\t\t\t<\/div>\n\t\t\t\t<\/div>\n\t\t<div class=\"elementor-element elementor-element-b2aa5d0 e-con-full e-grid e-con e-child\" data-id=\"b2aa5d0\" data-element_type=\"container\">\n\t\t<a class=\"elementor-element elementor-element-4f7cd37 e-con-full card-portfolio e-flex e-con e-child\" data-id=\"4f7cd37\" data-element_type=\"container\" data-settings=\"{&quot;background_background&quot;:&quot;classic&quot;}\" href=\"https:\/\/www.obraatelier.com\/blog\/materiais-de-construcao-como-escolher-os-adequados\/\" target=\"_blank\">\n\t\t\t\t<div class=\"elementor-element elementor-element-8d2840e elementor-widget elementor-widget-heading\" data-id=\"8d2840e\" data-element_type=\"widget\" data-widget_type=\"heading.default\">\n\t\t\t\t<div class=\"elementor-widget-container\">\n\t\t\t\t\t<h3 class=\"elementor-heading-title elementor-size-default\">Material of construction: how to choose the right one for your project<\/h3>\t\t\t\t<\/div>\n\t\t\t\t<\/div>\n\t\t\t\t<\/a>\n\t\t<a class=\"elementor-element elementor-element-74b3f56 e-con-full card-portfolio e-flex e-con e-child\" data-id=\"74b3f56\" data-element_type=\"container\" data-settings=\"{&quot;background_background&quot;:&quot;classic&quot;}\" href=\"https:\/\/www.obraatelier.com\/blog\/como-a-tecnologia-esta-a-revolucionar-a-arquitetura\/\" target=\"_blank\">\n\t\t\t\t<div class=\"elementor-element elementor-element-51b7975 elementor-widget elementor-widget-heading\" data-id=\"51b7975\" data-element_type=\"widget\" data-widget_type=\"heading.default\">\n\t\t\t\t<div class=\"elementor-widget-container\">\n\t\t\t\t\t<h3 class=\"elementor-heading-title elementor-size-default\">How technology is transforming the architecture and interior design<\/h3>\t\t\t\t<\/div>\n\t\t\t\t<\/div>\n\t\t\t\t<\/a>\n\t\t<a class=\"elementor-element elementor-element-8008f14 e-con-full card-portfolio e-flex e-con e-child\" data-id=\"8008f14\" data-element_type=\"container\" data-settings=\"{&quot;background_background&quot;:&quot;classic&quot;}\" href=\"https:\/\/www.obraatelier.com\/blog\/espacos-de-coworking-tendencias\/\" target=\"_blank\">\n\t\t\t\t<div class=\"elementor-element elementor-element-f9de365 elementor-widget elementor-widget-heading\" data-id=\"f9de365\" data-element_type=\"widget\" data-widget_type=\"heading.default\">\n\t\t\t\t<div class=\"elementor-widget-container\">\n\t\t\t\t\t<h3 class=\"elementor-heading-title elementor-size-default\">The future of coworking spaces: 5 trends, and innovations<\/h3>\t\t\t\t<\/div>\n\t\t\t\t<\/div>\n\t\t\t\t<\/a>\n\t\t\t\t<\/div>\n\t\t\t\t<\/div>\n\t\t\t\t\t<\/div>\n\t\t\t\t<\/div>\n\t\t<div class=\"elementor-element elementor-element-db600d3 e-flex e-con-boxed e-con e-parent\" data-id=\"db600d3\" data-element_type=\"container\" data-settings=\"{&quot;background_background&quot;:&quot;classic&quot;}\">\n\t\t\t\t\t<div class=\"e-con-inner\">\n\t\t<div class=\"elementor-element elementor-element-5fc694e e-con-full e-flex e-con e-child\" data-id=\"5fc694e\" data-element_type=\"container\">\n\t\t\t\t<div class=\"elementor-element elementor-element-6a0e0dd elementor-widget elementor-widget-heading\" data-id=\"6a0e0dd\" data-element_type=\"widget\" data-widget_type=\"heading.default\">\n\t\t\t\t<div class=\"elementor-widget-container\">\n\t\t\t\t\t<h2 class=\"elementor-heading-title elementor-size-default\">Textile Industry<\/h2>\t\t\t\t<\/div>\n\t\t\t\t<\/div>\n\t\t<div class=\"elementor-element elementor-element-e0ad61a e-con-full e-grid e-con e-child\" data-id=\"e0ad61a\" data-element_type=\"container\">\n\t\t<a class=\"elementor-element elementor-element-c942f68 e-con-full card-portfolio e-flex e-con e-child\" data-id=\"c942f68\" data-element_type=\"container\" data-settings=\"{&quot;background_background&quot;:&quot;classic&quot;}\" href=\"https:\/\/crishometex.pt\/tendencias-texteis-para-2024-3\/\" target=\"_blank\">\n\t\t\t\t<div class=\"elementor-element elementor-element-5c101ae elementor-widget elementor-widget-heading\" data-id=\"5c101ae\" data-element_type=\"widget\" data-widget_type=\"heading.default\">\n\t\t\t\t<div class=\"elementor-widget-container\">\n\t\t\t\t\t<h3 class=\"elementor-heading-title elementor-size-default\">Trends in textile products to 2024<\/h3>\t\t\t\t<\/div>\n\t\t\t\t<\/div>\n\t\t\t\t<\/a>\n\t\t<a class=\"elementor-element elementor-element-52e4d78 e-con-full card-portfolio e-flex e-con e-child\" data-id=\"52e4d78\" data-element_type=\"container\" data-settings=\"{&quot;background_background&quot;:&quot;classic&quot;}\" href=\"https:\/\/crishometex.pt\/tendencias-texteis-para-2024-3\/\" target=\"_blank\">\n\t\t\t\t<div class=\"elementor-element elementor-element-15e97a3 elementor-widget elementor-widget-heading\" data-id=\"15e97a3\" data-element_type=\"widget\" data-widget_type=\"heading.default\">\n\t\t\t\t<div class=\"elementor-widget-container\">\n\t\t\t\t\t<h3 class=\"elementor-heading-title elementor-size-default\">The workforce in the textile of the Portuguese: the weavers of success<\/h3>\t\t\t\t<\/div>\n\t\t\t\t<\/div>\n\t\t\t\t<\/a>\n\t\t\t\t<\/div>\n\t\t\t\t<\/div>\n\t\t\t\t\t<\/div>\n\t\t\t\t<\/div>\n\t\t\t\t<\/div>","protected":false},"excerpt":{"rendered":"<p>Portf\u00f3lio Cada projecto parte de uma estrat\u00e9gia. Mais do que escrever bem, o meu trabalho passa por pensar o conte\u00fado como uma ferramenta para posicionar marcas, clarificar mensagens e apoiar objetivos de neg\u00f3cio, atrav\u00e9s de servi\u00e7os de comunica\u00e7\u00e3o estrat\u00e9gica. Neste portf\u00f3lio encontras exemplos de conte\u00fados para sites, blogs, redes sociais e copywriting, desenvolvidos com foco [&hellip;]<\/p>","protected":false},"author":1,"featured_media":1130,"parent":0,"menu_order":0,"comment_status":"closed","ping_status":"closed","template":"","meta":{"site-sidebar-layout":"no-sidebar","site-content-layout":"page-builder","ast-site-content-layout":"full-width-container","site-content-style":"unboxed","site-sidebar-style":"unboxed","ast-global-header-display":"","ast-banner-title-visibility":"","ast-main-header-display":"","ast-hfb-above-header-display":"","ast-hfb-below-header-display":"","ast-hfb-mobile-header-display":"","site-post-title":"disabled","ast-breadcrumbs-content":"disabled","ast-featured-img":"disabled","footer-sml-layout":"","theme-transparent-header-meta":"enabled","adv-header-id-meta":"","stick-header-meta":"","header-above-stick-meta":"","header-main-stick-meta":"","header-below-stick-meta":"","astra-migrate-meta-layouts":"set","ast-page-background-enabled":"default","ast-page-background-meta":{"desktop":{"background-color":"var(--ast-global-color-4)","background-image":"","background-repeat":"repeat","background-position":"center center","background-size":"auto","background-attachment":"scroll","background-type":"","background-media":"","overlay-type":"","overlay-color":"","overlay-opacity":"","overlay-gradient":""},"tablet":{"background-color":"","background-image":"","background-repeat":"repeat","background-position":"center center","background-size":"auto","background-attachment":"scroll","background-type":"","background-media":"","overlay-type":"","overlay-color":"","overlay-opacity":"","overlay-gradient":""},"mobile":{"background-color":"","background-image":"","background-repeat":"repeat","background-position":"center center","background-size":"auto","background-attachment":"scroll","background-type":"","background-media":"","overlay-type":"","overlay-color":"","overlay-opacity":"","overlay-gradient":""}},"ast-content-background-meta":{"desktop":{"background-color":"var(--ast-global-color-5)","background-image":"","background-repeat":"repeat","background-position":"center center","background-size":"auto","background-attachment":"scroll","background-type":"","background-media":"","overlay-type":"","overlay-color":"","overlay-opacity":"","overlay-gradient":""},"tablet":{"background-color":"var(--ast-global-color-5)","background-image":"","background-repeat":"repeat","background-position":"center center","background-size":"auto","background-attachment":"scroll","background-type":"","background-media":"","overlay-type":"","overlay-color":"","overlay-opacity":"","overlay-gradient":""},"mobile":{"background-color":"var(--ast-global-color-5)","background-image":"","background-repeat":"repeat","background-position":"center center","background-size":"auto","background-attachment":"scroll","background-type":"","background-media":"","overlay-type":"","overlay-color":"","overlay-opacity":"","overlay-gradient":""}},"footnotes":""},"class_list":["post-1172","page","type-page","status-publish","has-post-thumbnail","hentry"],"yoast_head":"<!-- This site is optimized with the Yoast SEO plugin v26.7 - https:\/\/yoast.com\/wordpress\/plugins\/seo\/ -->\n<title>Portf\u00f3lio - Rita Pereira | SEO Content Writer<\/title>\n<meta name=\"description\" content=\"Portf\u00f3lio com todos os meus trabalhos na \u00e1rea do SEO content writing, categorizados por diferentes \u00e1reas de neg\u00f3cio.\" \/>\n<meta name=\"robots\" content=\"index, follow, max-snippet:-1, max-image-preview:large, max-video-preview:-1\" \/>\n<link rel=\"canonical\" href=\"https:\/\/rita-pereira.com\/en\/portfolio\/\" \/>\n<meta property=\"og:locale\" content=\"en_GB\" \/>\n<meta property=\"og:type\" content=\"article\" \/>\n<meta property=\"og:title\" content=\"Portf\u00f3lio - Rita Pereira | SEO Content Writer\" \/>\n<meta property=\"og:description\" content=\"Portf\u00f3lio com todos os meus trabalhos na \u00e1rea do SEO content writing, categorizados por diferentes \u00e1reas de neg\u00f3cio.\" \/>\n<meta property=\"og:url\" content=\"https:\/\/rita-pereira.com\/en\/portfolio\/\" \/>\n<meta property=\"og:site_name\" content=\"Rita Pereira | SEO Content Writer\" \/>\n<meta property=\"article:modified_time\" content=\"2026-01-12T17:25:05+00:00\" \/>\n<meta property=\"og:image\" content=\"https:\/\/rita-pereira.com\/wp-content\/uploads\/2025\/02\/Rita-Pereira_Jacinta-Arau\u0301jo-Photography-11-scaled.webp\" \/>\n\t<meta property=\"og:image:width\" content=\"1705\" \/>\n\t<meta property=\"og:image:height\" content=\"2560\" \/>\n\t<meta property=\"og:image:type\" content=\"image\/jpeg\" \/>\n<meta name=\"twitter:card\" content=\"summary_large_image\" \/>\n<meta name=\"twitter:label1\" content=\"Estimated reading time\" \/>\n\t<meta name=\"twitter:data1\" content=\"2 minutes\" \/>\n<script type=\"application\/ld+json\" class=\"yoast-schema-graph\">{\"@context\":\"https:\/\/schema.org\",\"@graph\":[{\"@type\":\"WebPage\",\"@id\":\"https:\/\/rita-pereira.com\/portfolio\/\",\"url\":\"https:\/\/rita-pereira.com\/portfolio\/\",\"name\":\"Portf\u00f3lio - Rita Pereira | SEO Content Writer\",\"isPartOf\":{\"@id\":\"https:\/\/rita-pereira.com\/#website\"},\"primaryImageOfPage\":{\"@id\":\"https:\/\/rita-pereira.com\/portfolio\/#primaryimage\"},\"image\":{\"@id\":\"https:\/\/rita-pereira.com\/portfolio\/#primaryimage\"},\"thumbnailUrl\":\"https:\/\/rita-pereira.com\/wp-content\/uploads\/2025\/02\/Rita-Pereira_Jacinta-Arau\u0301jo-Photography-11-scaled.webp\",\"datePublished\":\"2025-02-01T21:23:26+00:00\",\"dateModified\":\"2026-01-12T17:25:05+00:00\",\"description\":\"Portf\u00f3lio com todos os meus trabalhos na \u00e1rea do SEO content writing, categorizados por diferentes \u00e1reas de neg\u00f3cio.\",\"breadcrumb\":{\"@id\":\"https:\/\/rita-pereira.com\/portfolio\/#breadcrumb\"},\"inLanguage\":\"en-GB\",\"potentialAction\":[{\"@type\":\"ReadAction\",\"target\":[\"https:\/\/rita-pereira.com\/portfolio\/\"]}]},{\"@type\":\"ImageObject\",\"inLanguage\":\"en-GB\",\"@id\":\"https:\/\/rita-pereira.com\/portfolio\/#primaryimage\",\"url\":\"https:\/\/rita-pereira.com\/wp-content\/uploads\/2025\/02\/Rita-Pereira_Jacinta-Arau\u0301jo-Photography-11-scaled.webp\",\"contentUrl\":\"https:\/\/rita-pereira.com\/wp-content\/uploads\/2025\/02\/Rita-Pereira_Jacinta-Arau\u0301jo-Photography-11-scaled.webp\",\"width\":1705,\"height\":2560,\"caption\":\"Sobre Mim e portfolio\"},{\"@type\":\"BreadcrumbList\",\"@id\":\"https:\/\/rita-pereira.com\/portfolio\/#breadcrumb\",\"itemListElement\":[{\"@type\":\"ListItem\",\"position\":1,\"name\":\"In\u00edcio\",\"item\":\"https:\/\/rita-pereira.com\/\"},{\"@type\":\"ListItem\",\"position\":2,\"name\":\"Portf\u00f3lio\"}]},{\"@type\":\"WebSite\",\"@id\":\"https:\/\/rita-pereira.com\/#website\",\"url\":\"https:\/\/rita-pereira.com\/\",\"name\":\"Rita Pereira | SEO Content Writer\",\"description\":\"Rita Pereira | SEO Content Writer\",\"publisher\":{\"@id\":\"https:\/\/rita-pereira.com\/#\/schema\/person\/6d1a825a0be7d492426e6d99237a9c3e\"},\"alternateName\":\"Rita Pereira\",\"potentialAction\":[{\"@type\":\"SearchAction\",\"target\":{\"@type\":\"EntryPoint\",\"urlTemplate\":\"https:\/\/rita-pereira.com\/?s={search_term_string}\"},\"query-input\":{\"@type\":\"PropertyValueSpecification\",\"valueRequired\":true,\"valueName\":\"search_term_string\"}}],\"inLanguage\":\"en-GB\"},{\"@type\":[\"Person\",\"Organization\"],\"@id\":\"https:\/\/rita-pereira.com\/#\/schema\/person\/6d1a825a0be7d492426e6d99237a9c3e\",\"name\":\"admin\",\"image\":{\"@type\":\"ImageObject\",\"inLanguage\":\"en-GB\",\"@id\":\"https:\/\/rita-pereira.com\/#\/schema\/person\/image\/\",\"url\":\"https:\/\/rita-pereira.com\/wp-content\/uploads\/2025\/02\/cropped-Logo-1-png-1.webp\",\"contentUrl\":\"https:\/\/rita-pereira.com\/wp-content\/uploads\/2025\/02\/cropped-Logo-1-png-1.webp\",\"width\":512,\"height\":512,\"caption\":\"admin\"},\"logo\":{\"@id\":\"https:\/\/rita-pereira.com\/#\/schema\/person\/image\/\"},\"sameAs\":[\"https:\/\/rita-pereira.com\"]}]}<\/script>\n<!-- \/ Yoast SEO plugin. -->","yoast_head_json":{"title":"Portf\u00f3lio - Rita Pereira | SEO Content Writer","description":"Portf\u00f3lio com todos os meus trabalhos na \u00e1rea do SEO content writing, categorizados por diferentes \u00e1reas de neg\u00f3cio.","robots":{"index":"index","follow":"follow","max-snippet":"max-snippet:-1","max-image-preview":"max-image-preview:large","max-video-preview":"max-video-preview:-1"},"canonical":"https:\/\/rita-pereira.com\/en\/portfolio\/","og_locale":"en_GB","og_type":"article","og_title":"Portf\u00f3lio - Rita Pereira | SEO Content Writer","og_description":"Portf\u00f3lio com todos os meus trabalhos na \u00e1rea do SEO content writing, categorizados por diferentes \u00e1reas de neg\u00f3cio.","og_url":"https:\/\/rita-pereira.com\/en\/portfolio\/","og_site_name":"Rita Pereira | SEO Content Writer","article_modified_time":"2026-01-12T17:25:05+00:00","og_image":[{"width":1705,"height":2560,"url":"https:\/\/rita-pereira.com\/wp-content\/uploads\/2025\/02\/Rita-Pereira_Jacinta-Arau\u0301jo-Photography-11-scaled.webp","type":"image\/jpeg"}],"twitter_card":"summary_large_image","twitter_misc":{"Estimated reading time":"2 minutes"},"schema":{"@context":"https:\/\/schema.org","@graph":[{"@type":"WebPage","@id":"https:\/\/rita-pereira.com\/portfolio\/","url":"https:\/\/rita-pereira.com\/portfolio\/","name":"Portf\u00f3lio - Rita Pereira | SEO Content Writer","isPartOf":{"@id":"https:\/\/rita-pereira.com\/#website"},"primaryImageOfPage":{"@id":"https:\/\/rita-pereira.com\/portfolio\/#primaryimage"},"image":{"@id":"https:\/\/rita-pereira.com\/portfolio\/#primaryimage"},"thumbnailUrl":"https:\/\/rita-pereira.com\/wp-content\/uploads\/2025\/02\/Rita-Pereira_Jacinta-Arau\u0301jo-Photography-11-scaled.webp","datePublished":"2025-02-01T21:23:26+00:00","dateModified":"2026-01-12T17:25:05+00:00","description":"Portf\u00f3lio com todos os meus trabalhos na \u00e1rea do SEO content writing, categorizados por diferentes \u00e1reas de neg\u00f3cio.","breadcrumb":{"@id":"https:\/\/rita-pereira.com\/portfolio\/#breadcrumb"},"inLanguage":"en-GB","potentialAction":[{"@type":"ReadAction","target":["https:\/\/rita-pereira.com\/portfolio\/"]}]},{"@type":"ImageObject","inLanguage":"en-GB","@id":"https:\/\/rita-pereira.com\/portfolio\/#primaryimage","url":"https:\/\/rita-pereira.com\/wp-content\/uploads\/2025\/02\/Rita-Pereira_Jacinta-Arau\u0301jo-Photography-11-scaled.webp","contentUrl":"https:\/\/rita-pereira.com\/wp-content\/uploads\/2025\/02\/Rita-Pereira_Jacinta-Arau\u0301jo-Photography-11-scaled.webp","width":1705,"height":2560,"caption":"Sobre Mim e portfolio"},{"@type":"BreadcrumbList","@id":"https:\/\/rita-pereira.com\/portfolio\/#breadcrumb","itemListElement":[{"@type":"ListItem","position":1,"name":"In\u00edcio","item":"https:\/\/rita-pereira.com\/"},{"@type":"ListItem","position":2,"name":"Portf\u00f3lio"}]},{"@type":"WebSite","@id":"https:\/\/rita-pereira.com\/#website","url":"https:\/\/rita-pereira.com\/","name":"Rita Pereira | SEO Content Writer","description":"Rita Pereira | SEO Content Writer","publisher":{"@id":"https:\/\/rita-pereira.com\/#\/schema\/person\/6d1a825a0be7d492426e6d99237a9c3e"},"alternateName":"Rita Pereira","potentialAction":[{"@type":"SearchAction","target":{"@type":"EntryPoint","urlTemplate":"https:\/\/rita-pereira.com\/?s={search_term_string}"},"query-input":{"@type":"PropertyValueSpecification","valueRequired":true,"valueName":"search_term_string"}}],"inLanguage":"en-GB"},{"@type":["Person","Organization"],"@id":"https:\/\/rita-pereira.com\/#\/schema\/person\/6d1a825a0be7d492426e6d99237a9c3e","name":"admin","image":{"@type":"ImageObject","inLanguage":"en-GB","@id":"https:\/\/rita-pereira.com\/#\/schema\/person\/image\/","url":"https:\/\/rita-pereira.com\/wp-content\/uploads\/2025\/02\/cropped-Logo-1-png-1.webp","contentUrl":"https:\/\/rita-pereira.com\/wp-content\/uploads\/2025\/02\/cropped-Logo-1-png-1.webp","width":512,"height":512,"caption":"admin"},"logo":{"@id":"https:\/\/rita-pereira.com\/#\/schema\/person\/image\/"},"sameAs":["https:\/\/rita-pereira.com"]}]}},"_links":{"self":[{"href":"https:\/\/rita-pereira.com\/en\/wp-json\/wp\/v2\/pages\/1172","targetHints":{"allow":["GET"]}}],"collection":[{"href":"https:\/\/rita-pereira.com\/en\/wp-json\/wp\/v2\/pages"}],"about":[{"href":"https:\/\/rita-pereira.com\/en\/wp-json\/wp\/v2\/types\/page"}],"author":[{"embeddable":true,"href":"https:\/\/rita-pereira.com\/en\/wp-json\/wp\/v2\/users\/1"}],"replies":[{"embeddable":true,"href":"https:\/\/rita-pereira.com\/en\/wp-json\/wp\/v2\/comments?post=1172"}],"version-history":[{"count":103,"href":"https:\/\/rita-pereira.com\/en\/wp-json\/wp\/v2\/pages\/1172\/revisions"}],"predecessor-version":[{"id":1880,"href":"https:\/\/rita-pereira.com\/en\/wp-json\/wp\/v2\/pages\/1172\/revisions\/1880"}],"wp:featuredmedia":[{"embeddable":true,"href":"https:\/\/rita-pereira.com\/en\/wp-json\/wp\/v2\/media\/1130"}],"wp:attachment":[{"href":"https:\/\/rita-pereira.com\/en\/wp-json\/wp\/v2\/media?parent=1172"}],"curies":[{"name":"wp","href":"https:\/\/api.w.org\/{rel}","templated":true}]}}